{"id":94,"date":"2026-07-14T17:11:31","date_gmt":"2026-07-14T17:11:31","guid":{"rendered":"https:\/\/colegioser.edu.co\/?page_id=94"},"modified":"2026-07-14T17:57:14","modified_gmt":"2026-07-14T17:57:14","slug":"pei","status":"publish","type":"page","link":"https:\/\/colegioser.edu.co\/index.php\/pei\/","title":{"rendered":"SOBRE NOSOTROS"},"content":{"rendered":"<h1 class=\"wp-block-site-title\"><a href=\"https:\/\/colegioser.edu.co\" target=\"_self\" rel=\"home\">IED Colegio Silveria Espinosa de Rend\u00f3n<\/a><\/h1>\n\n\n<p><strong>Instituci\u00f3n Educativa Distrital<\/strong><\/p>\n\n\n\n<p><strong>\u201cLA COMUNICACI\u00d3N EJE PARA LA FORMACI\u00d3N EN VALORES Y LA CONSTRUCCI\u00d3N DE CONOCIMIENTOS\u201d<\/strong><\/p>\n\n\n\n<p><strong>IDENTIFICACION INSTITUCIONAL<\/strong><\/p>\n\n\n\n<p><strong>PEI<\/strong><\/p>\n\n\n\n<p><strong>\u201cLA COMUNICACI\u00d3N: EJE PARA LA FORMACION EN VALORES Y LA CONSTRUCCION DE CONOCIMIENTOS\u201d<\/strong><\/p>\n\n\n\n<p>\u00c9nfasis Comunicaci\u00f3n e Investigaci\u00f3n<\/p>\n\n\n\n<p>NOMBRE DE LA INSTITUCI\u00d3N<\/p>\n\n\n\n<p><strong>IED SILVERIA ESPINOSA DE RENDON (2003-2004)<\/strong><\/p>\n\n\n\n<p><strong>COLEGIO SILVERIA ESPINOSA DE RENDON Instituci\u00f3n Educativa Distrital (a partir del a\u00f1o 2006)<\/strong><\/p>\n\n\n\n<p>C\u00d3DIGO_DANE<\/p>\n\n\n\n<p>11100111049&nbsp; (11 d\u00edgitos)<\/p>\n\n\n\n<p>111001011045(12 d\u00edgitos)<\/p>\n\n\n\n<p>NIT. 860.066-763-5<\/p>\n\n\n\n<p><strong>RECTOR:<\/strong><\/p>\n\n\n\n<p>Carlos Orlando Ram\u00edrez M\u00e9ndez<\/p>\n\n\n\n<p>CALENDARIO A<\/p>\n\n\n\n<p>JORNADAS: &nbsp;&nbsp;&nbsp;&nbsp;&nbsp;&nbsp;&nbsp;&nbsp;&nbsp;&nbsp;&nbsp; &nbsp;MA\u00d1ANA, TARDE Y \u00daNICA<\/p>\n\n\n\n<p>DIRECCI\u00d3N&nbsp;&nbsp;&nbsp;&nbsp;&nbsp;&nbsp;&nbsp;&nbsp;&nbsp;&nbsp;&nbsp;&nbsp;&nbsp;&nbsp;&nbsp;&nbsp;&nbsp;&nbsp;&nbsp;&nbsp;&nbsp;&nbsp;&nbsp;&nbsp;&nbsp;&nbsp;&nbsp;&nbsp;&nbsp;&nbsp;&nbsp;&nbsp;&nbsp;&nbsp;&nbsp;&nbsp;&nbsp;&nbsp;&nbsp;&nbsp;&nbsp;&nbsp; TEL\u00c9FONOS:<\/p>\n\n\n\n<p>Sede A.&nbsp;&nbsp;&nbsp;&nbsp;&nbsp;&nbsp;&nbsp;&nbsp;&nbsp;&nbsp; Carrera 58 # 9-51&nbsp;&nbsp;&nbsp;&nbsp;&nbsp;&nbsp; &nbsp;&nbsp;&nbsp;&nbsp;&nbsp;&nbsp;+57-1 2604576-2600391<\/p>\n\n\n\n<p>Sede B.&nbsp;&nbsp;&nbsp;&nbsp;&nbsp;&nbsp;&nbsp;&nbsp;&nbsp;&nbsp; Calle 5 # 65-31&nbsp;&nbsp;&nbsp;&nbsp;&nbsp;&nbsp;&nbsp;&nbsp;&nbsp;&nbsp;&nbsp;&nbsp;&nbsp;&nbsp;&nbsp;&nbsp; +57-1 2605629<\/p>\n\n\n\n<p>Sede C.&nbsp;&nbsp;&nbsp;&nbsp;&nbsp;&nbsp;&nbsp;&nbsp;&nbsp;&nbsp; Carrera 61 # 8A-13&nbsp;&nbsp;&nbsp;&nbsp;&nbsp;&nbsp;&nbsp;&nbsp;&nbsp;&nbsp; +57-1 2610490<\/p>\n\n\n\n<p>FAX: 2604576 Ext. Rector\u00eda 101 Coordinaci\u00f3n Acad\u00e9mica 107<\/p>\n\n\n\n<p>Coordinaci\u00f3n de Convivencia: 112&nbsp; Secretar\u00eda Acad\u00e9mica: 106<\/p>\n\n\n\n<p>CORREO_ELECTR\u00d3NICO: <a href=\"http:\/\/www.iedsilveria@educacionbogota.edu.co\"><strong>www.iedsilveria@educacionbogota.edu.co<\/strong><\/a><\/p>\n\n\n\n<p>Barrio:&nbsp; Salazar G\u00f3mez<\/p>\n\n\n\n<p>Localidad Puente Aranda<\/p>\n\n\n\n<h2 class=\"wp-block-heading\"><strong>HORIZONTE INSTITUCIONAL<\/strong><\/h2>\n\n\n\n<p><strong><em>Antecedentes de la Instituci\u00f3n<\/em><\/strong><\/p>\n\n\n\n<p>El nombre de la Instituci\u00f3n se debe a la Poetisa SILVERIA ESPINOSA DE REND\u00d3N. El colegio inici\u00f3 labores en abril de 1970 con aproximadamente 90 alumnas de los cursos 1o. y 2o. de Bachillerato. Su primera Rectora fue la Licenciada LUZ MARINA SANCHEZ.<\/p>\n\n\n\n<p><br>En el a\u00f1o 2001 el Gobernador de Cundinamarca ALVARO CRUZ y la Secretaria de Educaci\u00f3n del Departamento, intentaron trasladar a municipios de Cundinamarca los colegios ubicados en el Distrito Capital, lo cual generaba dificultad en el desplazamiento diario de las alumnas de Puente Aranda a Facatativ\u00e1. Por ello, el 26 de noviembre, las alumnas de Noveno se tomaron el plantel contando con el respaldo de sus padres y profesores, promovi\u00e9ndose una gran solidaridad que sensibiliz\u00f3 al Senado y al Gobierno que por Ley 715 de diciembre de 2001 decide que las tres instituciones de Cundinamarca en Bogot\u00e1, pasaran al Distrito Capital.<\/p>\n\n\n\n<p>En el a\u00f1o 2002, estando como Rector el Licenciado ABELARDO SASTRE PE\u00d1A, la&nbsp; instituci\u00f3n COLEGIO DEPARTAMENTAL SILVERIA ESPINOSA DE RENDON (hoy Sede A), que pertenec\u00eda a la Secretar\u00eda de Educaci\u00f3n Departamental desde 1969 (durante 33 a\u00f1os) y prestaba servicio educativo en los niveles B\u00e1sica Secundaria y Media a ni\u00f1as del Departamento y de la ciudad capital,<br>fue transferida al Distrito Capital por mandato de la Ley General de Educaci\u00f3n y la Ley 715. Esta sede alberga un n\u00famero aproximado a 1130 estudiantes.<\/p>\n\n\n\n<p>&nbsp;La sede B existe desde 1956 cuando fue construida en una hacienda llamada La Chamicera y su nombre anterior era Centro Educativo Distrital Rafael Pombo. Esta sede ha venido prestando el servicio educativo en preescolar y b\u00e1sica primaria a un n\u00famero aproximado de 1020 ni\u00f1os y ni\u00f1as en las jornadas ma\u00f1ana y tarde.<br><br>La sede C fue fundada en 1951 en una casa de habitaci\u00f3n donada por do\u00f1a Leonor Rinc\u00f3n y ha venido prestando servicio educativo a 750 ni\u00f1os y ni\u00f1as en los niveles de preescolar y b\u00e1sica primaria en jornadas de ma\u00f1ana y tarde. Anteriormente se denominaba Centro Educativo Distrital Trinidad.<\/p>\n\n\n\n<p>En el a\u00f1o 2003, tras la renuncia del rector ABELARDO SASTRE, asume como RECTORA la se\u00f1ora MARIA MERCEDES ROMERO (en encargo) y luego asume en propiedad la se\u00f1ora GLORIA JAIMES DE ALFONSO, hasta finales del a\u00f1o 2004. A partir del a\u00f1o 2005 es nombrada, en su reemplazo la se\u00f1ora MARLENY BOHORQUEZ RIA\u00d1O. En el a\u00f1o 2026 es nombrado el se\u00f1or CARLOS ORLANDO RAM\u00cdREZ M\u00c9NDEZ.<\/p>\n\n\n\n<p><strong>Contexto Institucional<\/strong><\/p>\n\n\n\n<p>Las tres sedes de la instituci\u00f3n educativa est\u00e1n ubicadas en la localidad de Puente Aranda, caracterizada por ser una zona industrial y comercial.<br>La poblaci\u00f3n pertenece a estratos 1, 2 y 3, predominando el 1,2. (Ver estad\u00edsticas DANE)<\/p>\n\n\n\n<p><br>El colegio tiene v\u00edas de acceso por la Avenida de las Am\u00e9ricas, la calle 13, la Avenida 68, la calle 3 y la carrera 50. Est\u00e1 rodeado de zonas bancarias, comerciales, almacenes de cadena, bodegas industriales y grandes f\u00e1bricas como Postob\u00f3n, Icasa, Colchones El Dorado, Spring, Laboratorios, Simryse, R.C.N. entre otros.<\/p>\n\n\n\n<p><br>Por otro lado, las plantas f\u00edsicas fueron construidas en terrenos gredosos- arcillosos provenientes de humedales de los r\u00edos San Francisco, Fucha y Tunjuelito, lo que constituye un riesgo en caso de inundaci\u00f3n o de movimientos tel\u00faricos.<br><br>La comunidad educativa de padres tiene un nivel acad\u00e9mico bajo y ha sufrido en los \u00faltimos a\u00f1os los rigores del desempleo por lo cual un alto porcentaje trabaja en el sector de econom\u00eda informal.<\/p>\n\n\n\n<p>Actualmente, tenemos 1800 estudiantes distribuidos en las tres sedes y seis jornadas.<\/p>\n\n\n\n<p><strong>Misi\u00f3n<\/strong><\/p>\n\n\n\n<p>La Instituci\u00f3n Educativa Distrital Silveria Espinosa de Rend\u00f3n ofrece una formaci\u00f3n integral fundamentada en el desarrollo y fortalecimiento de las competencias comunicativas e investigativas como instrumentos mediadores en las construcciones de la convivencia y del conocimiento cient\u00edfico, tecnol\u00f3gico y human\u00edstico, a fin de que los estudiantes sean forjadores de un Proyecto de vida que incida positivamente en su entorno personal y social.&nbsp;<\/p>\n\n\n\n<p><strong>Visi\u00f3n<\/strong><\/p>\n\n\n\n<p>En el a\u00f1o 2028 el Colegio SILVERIA ESPINOSA DE RENDON ser\u00e1 una instituci\u00f3n forjadora de l\u00edderes capaces de asumir la transformaci\u00f3n personal y de su entorno, a partir de la aplicaci\u00f3n de los saberes cient\u00edficos, tecnol\u00f3gicos y humanistas fruto de su formaci\u00f3n integral.<\/p>\n\n\n\n<p><strong>OBJETIVOS INSTITUCIONALES:<\/strong><\/p>\n\n\n\n<ol start=\"1\" class=\"wp-block-list\">\n<li>Garantizar que todos los estudiantes tengan la posibilidad de adquirir una educaci\u00f3n completa, integral y de calidad.<\/li>\n\n\n\n<li>Proporcionar ambientes de aprendizaje saludables donde la l\u00fadica, la investigaci\u00f3n y el aprender a aprender sean la prioridad de nuestros (as) estudiantes y comunidad educativa en general.<\/li>\n\n\n\n<li>Fomentar en los estudiantes h\u00e1bitos y valores de Convivencia que los conduzcan a una mejor interrelaci\u00f3n a nivel intra e interpersonal y en relaci\u00f3n con su entorno.<\/li>\n\n\n\n<li>Desarrollar competencias comunicativas en los estudiantes que les permita una afectiva y efectiva comunicaci\u00f3n consigo mismo, con los dem\u00e1s y con su propio entorno.<\/li>\n\n\n\n<li>Propiciar la participaci\u00f3n comunitaria con sentido de identidad y pertenencia hacia la consecuci\u00f3n de metas institucionales.<\/li>\n<\/ol>\n\n\n\n<p><strong>Perfil del estudiante (Rol del estudiante)<\/strong><\/p>\n\n\n\n<ol start=\"1\" class=\"wp-block-list\">\n<li>Identificarse como ser multidimensional en continuo proceso de crecimiento.<\/li>\n\n\n\n<li>Saber <strong>ser<\/strong> desde el respeto por la diferencia.<\/li>\n\n\n\n<li>Activo y participativo en diferentes contextos social, pol\u00edtico, econ\u00f3mico) a partir de ejercicios ciudadanos productivos.<\/li>\n\n\n\n<li>Anal\u00edtico, reflexivo y cr\u00edtico, con capacidad para trabajar en equipo.<\/li>\n\n\n\n<li>Competente en la identificaci\u00f3n y soluci\u00f3n de problemas cotidianos para mejorar la calidad de vida y la de su entorno.<\/li>\n\n\n\n<li>Dispuesto a realizar procesos de aplicaci\u00f3n del conocimiento a trav\u00e9s de proyectos de investigaci\u00f3n.<\/li>\n\n\n\n<li>Con disposici\u00f3n de liderazgo.<\/li>\n<\/ol>\n\n\n\n<p><strong>Canales de comunicaci\u00f3n de la instituci\u00f3n<\/strong><\/p>\n\n\n\n<figure class=\"wp-block-table\"><table class=\"has-fixed-layout\"><tbody><tr><td><strong>Medio<\/strong><\/td><td><strong>Descripci\u00f3n<\/strong><\/td><\/tr><tr><td><strong>Peri\u00f3dico<\/strong><\/td><td>El peri\u00f3dico de la instituci\u00f3n se denomina Juventud Silveriana. En el mes de junio de 2003 se entreg\u00f3 la primera edici\u00f3n, en Octubre la segunda y se contin\u00faa en este proceso a\u00f1o, tras a\u00f1o, con una edici\u00f3n anualmente.<br><br><\/td><\/tr><tr><td><strong>Revista<\/strong><\/td><td>En el a\u00f1o 2006 se publica la primera edici\u00f3n de la revista SER social, luego en el 2007 la segunda y se prev\u00e9 continuar as\u00ed con una publicaci\u00f3n m\u00ednima anualmente.<\/td><\/tr><tr><td><strong>Emisora<\/strong><\/td><td>En la sede A existe una emisora que es administrada por estudiantes de grados 10\u00b0 y 11\u00b0. Se inicia su utilizaci\u00f3n especialmente en la JT. y luego se ampl\u00eda tambi\u00e9n su uso en la JM.&nbsp; Se utiliza b\u00e1sicamente en las horas de descanso.<\/td><\/tr><tr><td><strong>P\u00e1gina WEB<\/strong> <strong>&nbsp;<\/strong><\/td><td>Como comunidad educativa esperando estar a la vanguardia en el uso de las nuevas Tecnolog\u00edas de la Informaci\u00f3n y de la Comunicaci\u00f3n, TIC.&nbsp; Se implementa la utilizaci\u00f3n la p\u00e1gina web: <a href=\"https:\/\/colegioser.edu.co\/\">https:\/\/colegioser.edu.co\/<\/a> a trav\u00e9s del cual se espera compartir informaci\u00f3n de nuestra comunidad Silveriana. Fue dise\u00f1ado por la docente Dayan Herrera Bernal y alimentada por los Docentes Miguel \u00c1ngel Valero Orjuela y Clara Isabel Mora Cort\u00e9s.<\/td><\/tr><tr><td><strong>Circuito cerrado de TV<\/strong><\/td><td>Se inaugura en el a\u00f1o 2007 en las sedes C y A (en la sede B es imposible por la infraestructura, puesto que se est\u00e1 pendiente de remodelaci\u00f3n por parte de la SED)con el prop\u00f3sito de establecer canales de comunicaci\u00f3n cada vez m\u00e1s amplios, que permitan hacer llegar informaci\u00f3n directa, oportuna y r\u00e1pida desde diferentes instancias, en diferentes momentos y se espera tambi\u00e9n que se convierta en un recurso did\u00e1ctico, para ser utilizado en el desarrollo de las clases, para conferencias, talleres y diferentes actividades que convoquen a la comunidad a ser cada vez m\u00e1s participativa.<\/td><\/tr><\/tbody><\/table><\/figure>\n\n\n\n<p>Otros canales de comunicaci\u00f3n<\/p>\n\n\n\n<figure class=\"wp-block-table\"><table class=\"has-fixed-layout\"><tbody><tr><td><strong>Medio<\/strong><\/td><td><strong>Descripci\u00f3n<\/strong><\/td><\/tr><tr><td>Comunicaci\u00f3n escrita. &nbsp; Cuaderno de control<br><br><\/td><td>A trav\u00e9s de comunicaciones escritas dirigidas a estudiantes, docentes y a padres y madres de familia se informa sobre diferentes actividades, eventos, reuniones, convocatorias, etc. &nbsp; Este medio permite una comunicaci\u00f3n interna a trav\u00e9s del cual las coordinadoras dan a conocer a los docentes diferentes informaciones a nivel interno.<\/td><\/tr><\/tbody><\/table><\/figure>\n\n\n\n<p>El Colegio Silveria Espinosa de Rend\u00f3n lleva el nombre de la poeta y escritora colombiana <strong>Silveria Espinosa de Rend\u00f3n<\/strong>, en honor a su legado literario.<\/p>\n\n\n\n<p>La instituci\u00f3n inici\u00f3 labores en <strong>abril de 1970<\/strong>, con aproximadamente 90 alumnas de primero y segundo de bachillerato, bajo la rector\u00eda de la licenciada Luz Marina S\u00e1nchez.<\/p>\n\n\n\n<p>En 2001, el intento de trasladar el colegio a Facatativ\u00e1 (Cundinamarca) gener\u00f3 una movilizaci\u00f3n de estudiantes, padres y docentes que llev\u00f3 al Senado a expedir la <strong>Ley 715 de 2001<\/strong>, mediante la cual el colegio pas\u00f3 a ser parte del Distrito Capital.<\/p>\n\n\n\n<p>En 2002, bajo la rector\u00eda de Abelardo Sastre Pe\u00f1a, la sede que hoy conocemos como <strong>Sede A<\/strong> fue oficialmente transferida al Distrito, tras haber pertenecido por 33 a\u00f1os a la Secretar\u00eda de Educaci\u00f3n Departamental. Actualmente esta sede atiende a cerca de 1.130 estudiantes.<\/p>\n\n\n\n<ul class=\"wp-block-list\">\n<li><strong>Sede B<\/strong>, ubicada en la antigua hacienda La Chamicera, existe desde 1956 (antes llamada Centro Educativo Distrital Rafael Pombo) y atiende cerca de 1.020 ni\u00f1os y ni\u00f1as en preescolar y primaria.<\/li>\n\n\n\n<li><strong>Sede C<\/strong>, fundada en 1951 en una casa donada por do\u00f1a Leonor Rinc\u00f3n (antes Centro Educativo Distrital Trinidad), atiende cerca de 750 ni\u00f1os y ni\u00f1as en preescolar y primaria.<\/li>\n<\/ul>\n\n\n\n<p>A lo largo de los a\u00f1os, la rector\u00eda ha estado a cargo de Mar\u00eda Mercedes Romero, Gloria Jaimes de Alfonso, Marleny Boh\u00f3rquez Ria\u00f1o, y actualmente <strong>Carlos Orlando Ram\u00edrez M\u00e9ndez<\/strong>.<\/p>\n\n\n\n<p>Hoy, el colegio atiende cerca de <strong>1.800 estudiantes<\/strong> distribuidos en sus tres sedes y cinco jornadas, en la localidad de Puente Aranda.<\/p>\n\n\n\n<p><\/p>\n","protected":false},"excerpt":{"rendered":"<p>Instituci\u00f3n Educativa Distrital \u201cLA COMUNICACI\u00d3N EJE PARA LA FORMACI\u00d3N EN VALORES Y LA CONSTRUCCI\u00d3N DE CONOCIMIENTOS\u201d IDENTIFICACION INSTITUCIONAL PEI \u201cLA COMUNICACI\u00d3N: EJE PARA LA FORMACION EN VALORES Y LA CONSTRUCCION DE CONOCIMIENTOS\u201d \u00c9nfasis Comunicaci\u00f3n e Investigaci\u00f3n NOMBRE DE LA INSTITUCI\u00d3N IED SILVERIA ESPINOSA DE RENDON (2003-2004) COLEGIO SILVERIA ESPINOSA DE RENDON Instituci\u00f3n Educativa Distrital (a [&hellip;]<\/p>\n","protected":false},"author":1,"featured_media":0,"parent":0,"menu_order":0,"comment_status":"closed","ping_status":"closed","template":"","meta":{"footnotes":""},"class_list":["post-94","page","type-page","status-publish","hentry"],"_links":{"self":[{"href":"https:\/\/colegioser.edu.co\/index.php\/wp-json\/wp\/v2\/pages\/94","targetHints":{"allow":["GET"]}}],"collection":[{"href":"https:\/\/colegioser.edu.co\/index.php\/wp-json\/wp\/v2\/pages"}],"about":[{"href":"https:\/\/colegioser.edu.co\/index.php\/wp-json\/wp\/v2\/types\/page"}],"author":[{"embeddable":true,"href":"https:\/\/colegioser.edu.co\/index.php\/wp-json\/wp\/v2\/users\/1"}],"replies":[{"embeddable":true,"href":"https:\/\/colegioser.edu.co\/index.php\/wp-json\/wp\/v2\/comments?post=94"}],"version-history":[{"count":2,"href":"https:\/\/colegioser.edu.co\/index.php\/wp-json\/wp\/v2\/pages\/94\/revisions"}],"predecessor-version":[{"id":106,"href":"https:\/\/colegioser.edu.co\/index.php\/wp-json\/wp\/v2\/pages\/94\/revisions\/106"}],"wp:attachment":[{"href":"https:\/\/colegioser.edu.co\/index.php\/wp-json\/wp\/v2\/media?parent=94"}],"curies":[{"name":"wp","href":"https:\/\/api.w.org\/{rel}","templated":true}]}}